{"id":2425,"date":"2023-02-19T08:36:00","date_gmt":"2023-02-19T13:36:00","guid":{"rendered":"http:\/\/melaniedubois.com\/?page_id=2425"},"modified":"2023-02-19T08:40:08","modified_gmt":"2023-02-19T13:40:08","slug":"montreal-to-give-property-tax-breaks-to-lower-income-homeowners","status":"publish","type":"page","link":"https:\/\/melaniedubois.com\/fr\/montreal-to-give-property-tax-breaks-to-lower-income-homeowners\/","title":{"rendered":"Montr\u00e9al va accorder des r\u00e9ductions d&rsquo;imp\u00f4ts fonciers aux propri\u00e9taires \u00e0 faible revenu"},"content":{"rendered":"<p><\/p>\n<p style=\"text-align: justify;\">\u00ab\u00a0C&rsquo;est une tr\u00e8s bonne nouvelle, et elle profitera surtout aux personnes \u00e2g\u00e9es, car ce sont elles qui ont un revenu fixe\u00a0\u00bb, a d\u00e9clar\u00e9 Aref Salem, chef int\u00e9rimaire d&rsquo;Ensemble Montr\u00e9al.<\/p>\n<p><img decoding=\"async\" src=\"https:\/\/mcusercontent.com\/93cd80b45544fad91b6b44d60\/images\/a0aa4942-fcba-65c4-c1c6-c2c6018c3294.png\" \/><\/p>\n<p style=\"text-align: justify;\">Lors de la r\u00e9union du conseil municipal de mardi, Projet Montr\u00e9al, parti au pouvoir, a appuy\u00e9 une motion pr\u00e9sent\u00e9e par Ensemble Montr\u00e9al, parti d&rsquo;opposition, visant \u00e0 accorder des all\u00e9gements de la taxe fonci\u00e8re aux personnes \u00e0 faible revenu. Le vote unanime demande \u00e0 la ville de n\u00e9gocier avec la province pour leur permettre de reporter une partie ou la totalit\u00e9 de leur facture d&rsquo;imp\u00f4t foncier jusqu&rsquo;\u00e0 ce qu&rsquo;ils vendent leur maison.<\/p>\n<p style=\"text-align: justify;\">Cette mesure est d\u00e9j\u00e0 en place dans d&rsquo;autres villes canadiennes. \u00c0 Saskatoon, toute personne \u00e2g\u00e9e de 65 ans ou plus qui r\u00e9pond \u00e0 des crit\u00e8res de revenu sp\u00e9cifiques est autoris\u00e9e \u00e0 reporter le paiement de la totalit\u00e9 ou d&rsquo;une partie de ses factures d&rsquo;imp\u00f4ts et des frais de biblioth\u00e8que jusqu&rsquo;\u00e0 ce qu&rsquo;elle vende sa maison. Plusieurs options sont disponibles, y compris la possibilit\u00e9 de diff\u00e9rer uniquement les augmentations des factures d&rsquo;imp\u00f4ts au fil du temps. Des frais d&rsquo;int\u00e9r\u00eat de quatre pour cent par an s&rsquo;ajoutent \u00e0 la facture globale.<\/p>\n<p style=\"text-align: justify;\">\u00c0 l&rsquo;origine, la motion ne visait que les personnes \u00e2g\u00e9es, mais Projet Montr\u00e9al l&rsquo;a modifi\u00e9e pour que toute personne \u00e0 faible revenu puisse \u00eatre admissible, et non seulement les personnes \u00e2g\u00e9es. Les deux partis s&rsquo;\u00e9taient engag\u00e9s \u00e0 introduire un tel programme dans leur programme \u00e9lectoral en 2021. Cependant, alors que les propri\u00e9taires font face \u00e0 une inflation croissante et \u00e0 la plus forte augmentation de l&rsquo;imp\u00f4t foncier depuis plus d&rsquo;une d\u00e9cennie, M. Salem a d\u00e9clar\u00e9 qu&rsquo;il \u00e9tait essentiel d&rsquo;agir rapidement pour offrir un certain all\u00e9gement fiscal aux plus vuln\u00e9rables afin qu&rsquo;ils n&rsquo;aient pas \u00e0 vendre leur maison et \u00e0 quitter la ville.<\/p>\n<p style=\"text-align: justify;\">\u00ab\u00a0C&rsquo;est une tr\u00e8s bonne nouvelle, et elle profitera surtout aux personnes \u00e2g\u00e9es, car ce sont elles qui ont un revenu fixe\u00a0\u00bb, a d\u00e9clar\u00e9 Aref Salem, chef int\u00e9rimaire d&rsquo;Ensemble Montr\u00e9al, apr\u00e8s le vote.<\/p>\n<p style=\"text-align: justify;\">Selon M. Salem, il reste encore \u00e0 r\u00e9gler les derniers d\u00e9tails, comme le pourcentage de la maison qui doit avoir \u00e9t\u00e9 pay\u00e9, la mesure utilis\u00e9e pour d\u00e9terminer le revenu le plus faible et si des frais d&rsquo;int\u00e9r\u00eat seront impos\u00e9s \u00e0 ceux qui optent pour le gel des taxes.<\/p>\n<p style=\"text-align: justify;\">\u00ab\u00a0Mais j&rsquo;esp\u00e8re que ce sera en place pour le prochain budget\u00a0\u00bb, a d\u00e9clar\u00e9 M. Salem, ce qui signifie que la mesure serait en vigueur pour les factures d&rsquo;imp\u00f4t de 2024.<\/p>\n<p style=\"text-align: justify;\">Le conseil a approuv\u00e9 une autre motion de l&rsquo;opposition visant \u00e0 aider les personnes \u00e0 faible revenu. La province et la ville devraient terminer les n\u00e9gociations en mars pour un nouveau plan quinquennal de lutte contre la pauvret\u00e9, et l&rsquo;opposition esp\u00e8re que davantage de personnes seront admissibles \u00e0 l&rsquo;aide des groupes communautaires.<\/p>\n<p style=\"text-align: justify;\">Le conseiller de l&rsquo;opposition Benoit Langevin avait esp\u00e9r\u00e9 que la ville adopterait un indicateur appel\u00e9 le revenu viable, d\u00e9crit dans une \u00e9tude r\u00e9cente de l&rsquo;Institut de recherche et d&rsquo;informations socio-\u00e9conomiques pour d\u00e9terminer comment les fonds sont distribu\u00e9s. L&rsquo;utilisation de cet indicateur pourrait doubler le nombre de personnes admissibles \u00e0 l&rsquo;aide. Toutefois, Projet Montr\u00e9al a rejet\u00e9 cette partie de la motion.<\/p>\n<p style=\"text-align: justify;\">Cependant, la ville a toujours l&rsquo;intention de demander plus d&rsquo;argent pour soutenir les personnes dans le besoin et pour prendre en compte les diff\u00e9rences de co\u00fbt de la vie dans les diff\u00e9rents quartiers de la ville.<\/p>\n<p style=\"text-align: justify;\">\u00ab\u00a0Je pense que nous devons calculer ce dont les gens ont besoin pour sortir de la pauvret\u00e9\u00a0\u00bb, a d\u00e9clar\u00e9 M. Langevin. \u00ab\u00a0Nous devons consid\u00e9rer (la pauvret\u00e9) non pas comme quelque chose qui se stabilise, mais comme quelque chose \u00e0 laquelle il faut mettre fin.\u00a0\u00bb<\/p>\n<p style=\"text-align: justify;\">Langevin a dit qu&rsquo;il est toujours optimiste que la motion adopt\u00e9e mardi permettra \u00e0 plus de groupes de recevoir des fonds lorsque l&rsquo;accord sera ren\u00e9goci\u00e9 plus tard cette ann\u00e9e. Il a ajout\u00e9 qu&rsquo;il esp\u00e8re que le financement sera \u00e9galement index\u00e9 en fonction du co\u00fbt de la vie.<\/p>\n<p>&nbsp;<\/p>\n<p><strong>Source<\/strong> : <a href=\"https:\/\/montrealgazette.com\/news\/local-news\/montreal-to-negotiate-property-tax-breaks-for-low-income-owners\">Article de Jason Magder publi\u00e9 sur le site montrealgazette.com le 25 janvier 2023<\/a><\/p>\n<p><strong>Lien : <\/strong><a href=\"https:\/\/montrealgazette.com\/news\/local-news\/montreal-to-negotiate-property-tax-breaks-for-low-income-owners\">https:\/\/montrealgazette.com\/news\/local-news\/montreal-to-negotiate-property-tax-breaks-for-low-income-owners<\/a><\/p>\n<p>&nbsp;<\/p>\n<p style=\"text-align: center;\">Vous voulez gardez un oeil sur le march\u00e9 et sur votre investissement ?<\/p>\n<p style=\"text-align: center;\">Nous pouvons p\u00e9riodiquement vous envoyer les ventes dans votre secteur.<\/p>\n<p style=\"text-align: center;\">C&rsquo;est GRATUIT! Aucune obligation de votre part.<\/p>\n<p><img decoding=\"async\" class=\"aligncenter\" src=\"https:\/\/mcusercontent.com\/93cd80b45544fad91b6b44d60\/images\/22eff594-89e6-7c93-0054-7fc2388cf7ae.png\" \/><\/p>","protected":false},"excerpt":{"rendered":"<p>\u00ab\u00a0C&rsquo;est une tr\u00e8s bonne nouvelle, et elle profitera surtout aux personnes \u00e2g\u00e9es, car ce sont elles qui ont un revenu fixe\u00a0\u00bb, a d\u00e9clar\u00e9 Aref Salem, chef int\u00e9rimaire d&rsquo;Ensemble Montr\u00e9al. Lors de la r\u00e9union du conseil municipal de mardi, Projet Montr\u00e9al, parti au pouvoir, a appuy\u00e9 une motion pr\u00e9sent\u00e9e par Ensemble Montr\u00e9al, parti d&rsquo;opposition, visant \u00e0 [&hellip;]<\/p>\n","protected":false},"author":742,"featured_media":0,"parent":0,"menu_order":0,"comment_status":"closed","ping_status":"closed","template":"","meta":{"_acf_changed":false,"footnotes":""},"class_list":["post-2425","page","type-page","status-publish","hentry"],"acf":[],"yoast_head":"<!-- This site is optimized with the Yoast SEO plugin v26.7 - https:\/\/yoast.com\/wordpress\/plugins\/seo\/ -->\n<title>Montr\u00e9al va accorder des r\u00e9ductions d&#039;imp\u00f4ts fonciers aux propri\u00e9taires \u00e0 faible revenu - \u00c9quipe M\u00e9lanie Dubois<\/title>\n<meta name=\"robots\" content=\"index, follow, max-snippet:-1, max-image-preview:large, max-video-preview:-1\" \/>\n<link rel=\"canonical\" href=\"https:\/\/melaniedubois.com\/fr\/montreal-to-give-property-tax-breaks-to-lower-income-homeowners\/\" \/>\n<meta property=\"og:locale\" content=\"fr_FR\" \/>\n<meta property=\"og:type\" content=\"article\" \/>\n<meta property=\"og:title\" content=\"Montr\u00e9al va accorder des r\u00e9ductions d&#039;imp\u00f4ts fonciers aux propri\u00e9taires \u00e0 faible revenu - \u00c9quipe M\u00e9lanie Dubois\" \/>\n<meta property=\"og:description\" content=\"\u00ab\u00a0C&rsquo;est une tr\u00e8s bonne nouvelle, et elle profitera surtout aux personnes \u00e2g\u00e9es, car ce sont elles qui ont un revenu fixe\u00a0\u00bb, a d\u00e9clar\u00e9 Aref Salem, chef int\u00e9rimaire d&rsquo;Ensemble Montr\u00e9al. Lors de la r\u00e9union du conseil municipal de mardi, Projet Montr\u00e9al, parti au pouvoir, a appuy\u00e9 une motion pr\u00e9sent\u00e9e par Ensemble Montr\u00e9al, parti d&rsquo;opposition, visant \u00e0 [&hellip;]\" \/>\n<meta property=\"og:url\" content=\"https:\/\/melaniedubois.com\/fr\/montreal-to-give-property-tax-breaks-to-lower-income-homeowners\/\" \/>\n<meta property=\"og:site_name\" content=\"\u00c9quipe M\u00e9lanie Dubois\" \/>\n<meta property=\"article:modified_time\" content=\"2023-02-19T13:40:08+00:00\" \/>\n<meta property=\"og:image\" content=\"https:\/\/mcusercontent.com\/93cd80b45544fad91b6b44d60\/images\/a0aa4942-fcba-65c4-c1c6-c2c6018c3294.png\" \/>\n<meta name=\"twitter:card\" content=\"summary_large_image\" \/>\n<meta name=\"twitter:label1\" content=\"Dur\u00e9e de lecture estim\u00e9e\" \/>\n\t<meta name=\"twitter:data1\" content=\"4 minutes\" \/>\n<script type=\"application\/ld+json\" class=\"yoast-schema-graph\">{\"@context\":\"https:\/\/schema.org\",\"@graph\":[{\"@type\":\"WebPage\",\"@id\":\"https:\/\/melaniedubois.com\/fr\/montreal-to-give-property-tax-breaks-to-lower-income-homeowners\/\",\"url\":\"https:\/\/melaniedubois.com\/fr\/montreal-to-give-property-tax-breaks-to-lower-income-homeowners\/\",\"name\":\"[:fr]Montr\u00e9al va accorder des r\u00e9ductions d'imp\u00f4ts fonciers aux propri\u00e9taires \u00e0 faible revenu[:] - \u00c9quipe M\u00e9lanie Dubois\",\"isPartOf\":{\"@id\":\"https:\/\/melaniedubois.com\/en\/#website\"},\"primaryImageOfPage\":{\"@id\":\"https:\/\/melaniedubois.com\/fr\/montreal-to-give-property-tax-breaks-to-lower-income-homeowners\/#primaryimage\"},\"image\":{\"@id\":\"https:\/\/melaniedubois.com\/fr\/montreal-to-give-property-tax-breaks-to-lower-income-homeowners\/#primaryimage\"},\"thumbnailUrl\":\"https:\/\/mcusercontent.com\/93cd80b45544fad91b6b44d60\/images\/a0aa4942-fcba-65c4-c1c6-c2c6018c3294.png\",\"datePublished\":\"2023-02-19T13:36:00+00:00\",\"dateModified\":\"2023-02-19T13:40:08+00:00\",\"breadcrumb\":{\"@id\":\"https:\/\/melaniedubois.com\/fr\/montreal-to-give-property-tax-breaks-to-lower-income-homeowners\/#breadcrumb\"},\"inLanguage\":\"fr-FR\",\"potentialAction\":[{\"@type\":\"ReadAction\",\"target\":[\"https:\/\/melaniedubois.com\/fr\/montreal-to-give-property-tax-breaks-to-lower-income-homeowners\/\"]}]},{\"@type\":\"ImageObject\",\"inLanguage\":\"fr-FR\",\"@id\":\"https:\/\/melaniedubois.com\/fr\/montreal-to-give-property-tax-breaks-to-lower-income-homeowners\/#primaryimage\",\"url\":\"https:\/\/mcusercontent.com\/93cd80b45544fad91b6b44d60\/images\/a0aa4942-fcba-65c4-c1c6-c2c6018c3294.png\",\"contentUrl\":\"https:\/\/mcusercontent.com\/93cd80b45544fad91b6b44d60\/images\/a0aa4942-fcba-65c4-c1c6-c2c6018c3294.png\"},{\"@type\":\"BreadcrumbList\",\"@id\":\"https:\/\/melaniedubois.com\/fr\/montreal-to-give-property-tax-breaks-to-lower-income-homeowners\/#breadcrumb\",\"itemListElement\":[{\"@type\":\"ListItem\",\"position\":1,\"name\":\"Accueil\",\"item\":\"https:\/\/melaniedubois.com\/en\/\"},{\"@type\":\"ListItem\",\"position\":2,\"name\":\"Montr\u00e9al va accorder des r\u00e9ductions d&rsquo;imp\u00f4ts fonciers aux propri\u00e9taires \u00e0 faible revenu\"}]},{\"@type\":\"WebSite\",\"@id\":\"https:\/\/melaniedubois.com\/en\/#website\",\"url\":\"https:\/\/melaniedubois.com\/en\/\",\"name\":\"\u00c9quipe M\u00e9lanie Dubois\",\"description\":\"Courtier immobilier Montr\u00e9al, KW Connexion\",\"potentialAction\":[{\"@type\":\"SearchAction\",\"target\":{\"@type\":\"EntryPoint\",\"urlTemplate\":\"https:\/\/melaniedubois.com\/en\/?s={search_term_string}\"},\"query-input\":{\"@type\":\"PropertyValueSpecification\",\"valueRequired\":true,\"valueName\":\"search_term_string\"}}],\"inLanguage\":\"fr-FR\"}]}<\/script>\n<!-- \/ Yoast SEO plugin. -->","yoast_head_json":{"title":"Montr\u00e9al va accorder des r\u00e9ductions d'imp\u00f4ts fonciers aux propri\u00e9taires \u00e0 faible revenu - \u00c9quipe M\u00e9lanie Dubois","robots":{"index":"index","follow":"follow","max-snippet":"max-snippet:-1","max-image-preview":"max-image-preview:large","max-video-preview":"max-video-preview:-1"},"canonical":"https:\/\/melaniedubois.com\/fr\/montreal-to-give-property-tax-breaks-to-lower-income-homeowners\/","og_locale":"fr_FR","og_type":"article","og_title":"Montr\u00e9al va accorder des r\u00e9ductions d'imp\u00f4ts fonciers aux propri\u00e9taires \u00e0 faible revenu - \u00c9quipe M\u00e9lanie Dubois","og_description":"\u00ab\u00a0C&rsquo;est une tr\u00e8s bonne nouvelle, et elle profitera surtout aux personnes \u00e2g\u00e9es, car ce sont elles qui ont un revenu fixe\u00a0\u00bb, a d\u00e9clar\u00e9 Aref Salem, chef int\u00e9rimaire d&rsquo;Ensemble Montr\u00e9al. Lors de la r\u00e9union du conseil municipal de mardi, Projet Montr\u00e9al, parti au pouvoir, a appuy\u00e9 une motion pr\u00e9sent\u00e9e par Ensemble Montr\u00e9al, parti d&rsquo;opposition, visant \u00e0 [&hellip;]","og_url":"https:\/\/melaniedubois.com\/fr\/montreal-to-give-property-tax-breaks-to-lower-income-homeowners\/","og_site_name":"\u00c9quipe M\u00e9lanie Dubois","article_modified_time":"2023-02-19T13:40:08+00:00","og_image":[{"url":"https:\/\/mcusercontent.com\/93cd80b45544fad91b6b44d60\/images\/a0aa4942-fcba-65c4-c1c6-c2c6018c3294.png","type":"","width":"","height":""}],"twitter_card":"summary_large_image","twitter_misc":{"Dur\u00e9e de lecture estim\u00e9e":"4 minutes"},"schema":{"@context":"https:\/\/schema.org","@graph":[{"@type":"WebPage","@id":"https:\/\/melaniedubois.com\/fr\/montreal-to-give-property-tax-breaks-to-lower-income-homeowners\/","url":"https:\/\/melaniedubois.com\/fr\/montreal-to-give-property-tax-breaks-to-lower-income-homeowners\/","name":"[:fr]Montr\u00e9al va accorder des r\u00e9ductions d'imp\u00f4ts fonciers aux propri\u00e9taires \u00e0 faible revenu[:] - \u00c9quipe M\u00e9lanie Dubois","isPartOf":{"@id":"https:\/\/melaniedubois.com\/en\/#website"},"primaryImageOfPage":{"@id":"https:\/\/melaniedubois.com\/fr\/montreal-to-give-property-tax-breaks-to-lower-income-homeowners\/#primaryimage"},"image":{"@id":"https:\/\/melaniedubois.com\/fr\/montreal-to-give-property-tax-breaks-to-lower-income-homeowners\/#primaryimage"},"thumbnailUrl":"https:\/\/mcusercontent.com\/93cd80b45544fad91b6b44d60\/images\/a0aa4942-fcba-65c4-c1c6-c2c6018c3294.png","datePublished":"2023-02-19T13:36:00+00:00","dateModified":"2023-02-19T13:40:08+00:00","breadcrumb":{"@id":"https:\/\/melaniedubois.com\/fr\/montreal-to-give-property-tax-breaks-to-lower-income-homeowners\/#breadcrumb"},"inLanguage":"fr-FR","potentialAction":[{"@type":"ReadAction","target":["https:\/\/melaniedubois.com\/fr\/montreal-to-give-property-tax-breaks-to-lower-income-homeowners\/"]}]},{"@type":"ImageObject","inLanguage":"fr-FR","@id":"https:\/\/melaniedubois.com\/fr\/montreal-to-give-property-tax-breaks-to-lower-income-homeowners\/#primaryimage","url":"https:\/\/mcusercontent.com\/93cd80b45544fad91b6b44d60\/images\/a0aa4942-fcba-65c4-c1c6-c2c6018c3294.png","contentUrl":"https:\/\/mcusercontent.com\/93cd80b45544fad91b6b44d60\/images\/a0aa4942-fcba-65c4-c1c6-c2c6018c3294.png"},{"@type":"BreadcrumbList","@id":"https:\/\/melaniedubois.com\/fr\/montreal-to-give-property-tax-breaks-to-lower-income-homeowners\/#breadcrumb","itemListElement":[{"@type":"ListItem","position":1,"name":"Accueil","item":"https:\/\/melaniedubois.com\/en\/"},{"@type":"ListItem","position":2,"name":"Montr\u00e9al va accorder des r\u00e9ductions d&rsquo;imp\u00f4ts fonciers aux propri\u00e9taires \u00e0 faible revenu"}]},{"@type":"WebSite","@id":"https:\/\/melaniedubois.com\/en\/#website","url":"https:\/\/melaniedubois.com\/en\/","name":"\u00c9quipe M\u00e9lanie Dubois","description":"Courtier immobilier Montr\u00e9al, KW Connexion","potentialAction":[{"@type":"SearchAction","target":{"@type":"EntryPoint","urlTemplate":"https:\/\/melaniedubois.com\/en\/?s={search_term_string}"},"query-input":{"@type":"PropertyValueSpecification","valueRequired":true,"valueName":"search_term_string"}}],"inLanguage":"fr-FR"}]}},"_links":{"self":[{"href":"https:\/\/melaniedubois.com\/fr\/wp-json\/wp\/v2\/pages\/2425","targetHints":{"allow":["GET"]}}],"collection":[{"href":"https:\/\/melaniedubois.com\/fr\/wp-json\/wp\/v2\/pages"}],"about":[{"href":"https:\/\/melaniedubois.com\/fr\/wp-json\/wp\/v2\/types\/page"}],"author":[{"embeddable":true,"href":"https:\/\/melaniedubois.com\/fr\/wp-json\/wp\/v2\/users\/742"}],"replies":[{"embeddable":true,"href":"https:\/\/melaniedubois.com\/fr\/wp-json\/wp\/v2\/comments?post=2425"}],"version-history":[{"count":2,"href":"https:\/\/melaniedubois.com\/fr\/wp-json\/wp\/v2\/pages\/2425\/revisions"}],"predecessor-version":[{"id":2427,"href":"https:\/\/melaniedubois.com\/fr\/wp-json\/wp\/v2\/pages\/2425\/revisions\/2427"}],"wp:attachment":[{"href":"https:\/\/melaniedubois.com\/fr\/wp-json\/wp\/v2\/media?parent=2425"}],"curies":[{"name":"wp","href":"https:\/\/api.w.org\/{rel}","templated":true}]}}